{"id":229,"date":"2018-08-14T12:07:36","date_gmt":"2018-08-14T10:07:36","guid":{"rendered":"http:\/\/www.hotelpausania.it\/habitaciones\/"},"modified":"2020-05-20T11:10:48","modified_gmt":"2020-05-20T09:10:48","slug":"habitaciones","status":"publish","type":"page","link":"https:\/\/www.hotelpausania.it\/es\/habitaciones\/","title":{"rendered":"Habitaciones"},"content":{"rendered":"<div class=\"wpb-content-wrapper\"><p>[vc_row css_animation=\u00bb\u00bb row_type=\u00bbrow\u00bb use_row_as_full_screen_section=\u00bbno\u00bb type=\u00bbfull_width\u00bb angled_section=\u00bbno\u00bb text_align=\u00bbleft\u00bb background_image_as_pattern=\u00bbwithout_pattern\u00bb z_index=\u00bb\u00bb][vc_column]\n\t\t\t<!-- START Camere REVOLUTION SLIDER 6.6.18 --><p class=\"rs-p-wp-fix\"><\/p>\n\t\t\t<rs-module-wrap id=\"rev_slider_2_1_wrapper\" data-source=\"gallery\" style=\"visibility:hidden;background:transparent;padding:0;margin:0px auto;margin-top:0;margin-bottom:0;\">\n\t\t\t\t<rs-module id=\"rev_slider_2_1\" style=\"\" data-version=\"6.6.18\">\n\t\t\t\t\t<rs-slides style=\"overflow: hidden; position: absolute;\">\n\t\t\t\t\t\t<rs-slide style=\"position: absolute;\" data-key=\"rs-21\" data-title=\"Slide\" data-anim=\"adpr:false;\">\n\t\t\t\t\t\t\t<img decoding=\"async\" src=\"\/\/www.hotelpausania.it\/wp-content\/plugins\/revslider\/public\/assets\/assets\/dummy.png\" alt=\"\" title=\"Habitaciones\" class=\"rev-slidebg tp-rs-img rs-lazyload\" data-lazyload=\"\/\/www.hotelpausania.it\/wp-content\/uploads\/2019\/12\/202.1.jpg\" data-no-retina>\n<!---->\t\t\t\t\t\t<\/rs-slide>\n\t\t\t\t\t<\/rs-slides>\n\t\t\t\t<\/rs-module>\n\t\t\t\t<script>\n\t\t\t\t\tsetREVStartSize({c: 'rev_slider_2_1',rl:[1240,1024,778,480],el:[],gw:[1240,1024,778,480],gh:[650,500,350,300],type:'standard',justify:'',layout:'fullwidth',mh:\"0\"});if (window.RS_MODULES!==undefined && window.RS_MODULES.modules!==undefined && window.RS_MODULES.modules[\"revslider21\"]!==undefined) {window.RS_MODULES.modules[\"revslider21\"].once = false;window.revapi2 = undefined;if (window.RS_MODULES.checkMinimal!==undefined) window.RS_MODULES.checkMinimal()}\n\t\t\t\t<\/script>\n\t\t\t<\/rs-module-wrap>\n\t\t\t<!-- END REVOLUTION SLIDER -->\n[\/vc_column][\/vc_row][vc_row css_animation=\u00bb\u00bb row_type=\u00bbrow\u00bb use_row_as_full_screen_section=\u00bbno\u00bb type=\u00bbgrid\u00bb angled_section=\u00bbno\u00bb text_align=\u00bbleft\u00bb background_image_as_pattern=\u00bbwithout_pattern\u00bb padding_top=\u00bb50&#8243; padding_bottom=\u00bb50&#8243; z_index=\u00bb\u00bb][vc_column][vc_column_text]<\/p>\n<h1 style=\"text-align: center;\">Habitaciones<\/h1>\n<p>[\/vc_column_text][\/vc_column][\/vc_row][vc_row css_animation=\u00bb\u00bb row_type=\u00bbrow\u00bb use_row_as_full_screen_section=\u00bbno\u00bb type=\u00bbgrid\u00bb angled_section=\u00bbno\u00bb text_align=\u00bbleft\u00bb background_image_as_pattern=\u00bbwithout_pattern\u00bb padding_bottom=\u00bb40&#8243; z_index=\u00bb\u00bb][vc_column][qode_elements_holder number_of_columns=\u00bbtwo_columns\u00bb][qode_elements_holder_item item_padding=\u00bb20px 20px 20px 20px\u00bb vertical_alignment=\u00bbmiddle\u00bb advanced_animations=\u00bbno\u00bb][vc_column_text]El Hotel dispone de varios tipos de habitaciones, desde las habitaciones individuales hasta las habitaciones superiores y deluxe con vistas al canal para los clientes m\u00e1s exigentes, o hasta las amplias habitaciones familiares.<\/p>\n<p>Todas nuestras 24 habitaciones est\u00e1n decoradas con estilo veneciano, buen gusto y elegancia, y est\u00e1n equipadas con cuarto de ba\u00f1o privado con ba\u00f1era\/ducha, secador y kit de ba\u00f1o, armario, tel\u00e9fono, Wifi, caja fuerte, TV por sat\u00e9lite, escritorio, hervidor de agua con una amplia selecci\u00f3n de t\u00e9 y caf\u00e9, minibar, aire acondicionado y calefacci\u00f3n individual, posibilidad de tener cama doble o individuales y posibilidad de solicitar una cuna gratuita para su bebe de hasta 2 a\u00f1os (bajo petici\u00f3n previa en recepci\u00f3n).[\/vc_column_text][\/qode_elements_holder_item][qode_elements_holder_item item_padding=\u00bb20px 20px 20px 20px\u00bb vertical_alignment=\u00bbmiddle\u00bb advanced_animations=\u00bbno\u00bb][vc_gallery interval=\u00bb3&#8243; images=\u00bb89,95,91,70,64&#8243; img_size=\u00bb600&#215;450&#8243;][\/qode_elements_holder_item][\/qode_elements_holder][\/vc_column][\/vc_row][vc_row css_animation=\u00bb\u00bb row_type=\u00bbrow\u00bb use_row_as_full_screen_section=\u00bbno\u00bb type=\u00bbgrid\u00bb angled_section=\u00bbno\u00bb text_align=\u00bbleft\u00bb background_image_as_pattern=\u00bbwithout_pattern\u00bb background_color=\u00bb#eaeaea\u00bb padding_top=\u00bb40&#8243; padding_bottom=\u00bb40&#8243; z_index=\u00bb\u00bb][vc_column][qode_elements_holder number_of_columns=\u00bbtwo_columns\u00bb][qode_elements_holder_item item_padding=\u00bb20px 20px 20px 20px\u00bb vertical_alignment=\u00bbmiddle\u00bb advanced_animations=\u00bbno\u00bb][vc_column_text]<\/p>\n<h2 style=\"text-align: left;\">HABITACION INDIVIDUAL<\/h2>\n<p>[\/vc_column_text][vc_empty_space height=\u00bb20px\u00bb][vc_column_text]Acogedora habitaci\u00f3n de unos 10 metros cuadrados equipada con todas las comodidades, cama individual (cm 80 X 190) y cuarto de ba\u00f1o privado con ba\u00f1era \/ ducha, secador de pelo y kit de cortes\u00eda, armario, tel\u00e9fono, WIFI, caja fuerte, TV v\u00eda sat\u00e9lite, escritorio, hervidor con selecci\u00f3n de t\u00e9 y caf\u00e9, minibar, aire acondicionado y calefacci\u00f3n independientes.[\/vc_column_text][\/qode_elements_holder_item][qode_elements_holder_item item_padding=\u00bb20px 20px 20px 20px\u00bb vertical_alignment=\u00bbmiddle\u00bb advanced_animations=\u00bbno\u00bb][vc_gallery interval=\u00bb0&#8243; images=\u00bb68,69&#8243; img_size=\u00bb600&#215;400&#8243; onclick=\u00bbimg_link_large\u00bb][\/qode_elements_holder_item][\/qode_elements_holder][\/vc_column][\/vc_row][vc_row css_animation=\u00bb\u00bb row_type=\u00bbrow\u00bb use_row_as_full_screen_section=\u00bbno\u00bb type=\u00bbgrid\u00bb angled_section=\u00bbno\u00bb text_align=\u00bbleft\u00bb background_image_as_pattern=\u00bbwithout_pattern\u00bb padding_top=\u00bb40&#8243; padding_bottom=\u00bb40&#8243; z_index=\u00bb\u00bb][vc_column][qode_elements_holder number_of_columns=\u00bbtwo_columns\u00bb][qode_elements_holder_item item_padding=\u00bb20px 20px 20px 20px\u00bb vertical_alignment=\u00bbmiddle\u00bb advanced_animations=\u00bbno\u00bb][vc_gallery interval=\u00bb0&#8243; images=\u00bb91,90,92,93,94&#8243; img_size=\u00bb600&#215;400&#8243; onclick=\u00bbimg_link_large\u00bb][\/qode_elements_holder_item][qode_elements_holder_item item_padding=\u00bb20px 20px 20px 20px\u00bb vertical_alignment=\u00bbmiddle\u00bb advanced_animations=\u00bbno\u00bb][vc_column_text]<\/p>\n<h2 style=\"text-align: right;\">HABITACION DOBLE ESTANDARD<\/h2>\n<p>[\/vc_column_text][vc_empty_space height=\u00bb20px\u00bb][vc_column_text]<\/p>\n<p style=\"text-align: right;\">Acogedora habitaci\u00f3n de unos 14 metros cuadrados equipada con todas las comodidades, cama doble (160 x 190 cm) o, bajo petici\u00f3n, dos camas separadas (80 x 190 cm) y cuarto de ba\u00f1o privado con ba\u00f1era \/ ducha con secador de pelo y kit de cortes\u00eda, armario, tel\u00e9fono, WIFI, caja fuerte, televisi\u00f3n v\u00eda sat\u00e9lite, escritorio, hervidor con selecci\u00f3n de t\u00e9 y caf\u00e9, minibar, aire acondicionado y calefacci\u00f3n independientes.<\/p>\n<p>[\/vc_column_text][\/qode_elements_holder_item][\/qode_elements_holder][\/vc_column][\/vc_row][vc_row css_animation=\u00bb\u00bb row_type=\u00bbrow\u00bb use_row_as_full_screen_section=\u00bbno\u00bb type=\u00bbgrid\u00bb angled_section=\u00bbno\u00bb text_align=\u00bbleft\u00bb background_image_as_pattern=\u00bbwithout_pattern\u00bb background_color=\u00bb#eaeaea\u00bb padding_top=\u00bb40&#8243; padding_bottom=\u00bb40&#8243; z_index=\u00bb\u00bb][vc_column][qode_elements_holder number_of_columns=\u00bbtwo_columns\u00bb][qode_elements_holder_item item_padding=\u00bb20px 20px 20px 20px\u00bb vertical_alignment=\u00bbmiddle\u00bb advanced_animations=\u00bbno\u00bb][vc_column_text]<\/p>\n<h2 style=\"text-align: left;\">HABITACION DOBLE SUPERIOR<\/h2>\n<p>[\/vc_column_text][vc_empty_space height=\u00bb20px\u00bb][vc_column_text]Acogedora habitaci\u00f3n de unos 17 metros cuadrados con vistas a nuestro jard\u00edn privado o al patio de entrada equipada con todas las comodidades, cama doble (160 x 190 cm) o, bajo petici\u00f3n, dos camas separadas (80 x 190 cm) y cuarto de ba\u00f1o privado con ba\u00f1o \/ ducha, secador de pelo y kit de cortes\u00eda, armario, tel\u00e9fono, WIFI, caja fuerte, televisi\u00f3n v\u00eda sat\u00e9lite, escritorio, hervidor de agua con selecci\u00f3n de t\u00e9 y caf\u00e9, minibar, aire acondicionado y calefacci\u00f3n independientes. Posibilidad de solicitar una cuna gratis para beb\u00e9 hasta 2 a\u00f1os bajo petici\u00f3n a la recepci\u00f3n.[\/vc_column_text][\/qode_elements_holder_item][qode_elements_holder_item item_padding=\u00bb20px 20px 20px 20px\u00bb vertical_alignment=\u00bbmiddle\u00bb advanced_animations=\u00bbno\u00bb][vc_gallery interval=\u00bb0&#8243; images=\u00bb58,95,59,61,62,60,63&#8243; img_size=\u00bb600&#215;400&#8243; onclick=\u00bbimg_link_large\u00bb][\/qode_elements_holder_item][\/qode_elements_holder][\/vc_column][\/vc_row][vc_row css_animation=\u00bb\u00bb row_type=\u00bbrow\u00bb use_row_as_full_screen_section=\u00bbno\u00bb type=\u00bbgrid\u00bb angled_section=\u00bbno\u00bb text_align=\u00bbleft\u00bb background_image_as_pattern=\u00bbwithout_pattern\u00bb padding_top=\u00bb40&#8243; padding_bottom=\u00bb40&#8243; z_index=\u00bb\u00bb][vc_column][qode_elements_holder number_of_columns=\u00bbtwo_columns\u00bb][qode_elements_holder_item item_padding=\u00bb20px 20px 20px 20px\u00bb vertical_alignment=\u00bbmiddle\u00bb advanced_animations=\u00bbno\u00bb][vc_gallery interval=\u00bb0&#8243; images=\u00bb89,88&#8243; img_size=\u00bb600&#215;400&#8243; onclick=\u00bbimg_link_large\u00bb][\/qode_elements_holder_item][qode_elements_holder_item item_padding=\u00bb20px 20px 20px 20px\u00bb vertical_alignment=\u00bbmiddle\u00bb advanced_animations=\u00bbno\u00bb][vc_column_text]<\/p>\n<h2 style=\"text-align: right;\">HABITACION DOBLE DELUXE CON VISTA AL CANAL<\/h2>\n<p>[\/vc_column_text][vc_empty_space height=\u00bb20px\u00bb][vc_column_text]<\/p>\n<p style=\"text-align: right;\">Acogedora habitaci\u00f3n de unos 17 metros cuadrados con vistas al caracter\u00edstico r\u00edo de San Barnaba, equipada con todas las comodidades, cama doble (160 x 190 cm) o, bajo petici\u00f3n, dos camas separadas (80 x 190 cm) y cuarto de ba\u00f1o privado con ba\u00f1o \/ ducha, secador de pelo y kit de cortes\u00eda, armario, tel\u00e9fono, WIFI, caja fuerte, televisi\u00f3n v\u00eda sat\u00e9lite, escritorio, hervidor de agua con selecci\u00f3n de t\u00e9 y caf\u00e9, minibar, aire acondicionado y calefacci\u00f3n independientes. Posibilidad de solicitar una cuna gratis para beb\u00e9 hasta 2 a\u00f1os bajo petici\u00f3n a la recepci\u00f3n.<\/p>\n<p>[\/vc_column_text][\/qode_elements_holder_item][\/qode_elements_holder][\/vc_column][\/vc_row][vc_row css_animation=\u00bb\u00bb row_type=\u00bbrow\u00bb use_row_as_full_screen_section=\u00bbno\u00bb type=\u00bbgrid\u00bb angled_section=\u00bbno\u00bb text_align=\u00bbleft\u00bb background_image_as_pattern=\u00bbwithout_pattern\u00bb background_color=\u00bb#eaeaea\u00bb padding_top=\u00bb40&#8243; padding_bottom=\u00bb40&#8243; z_index=\u00bb\u00bb][vc_column][qode_elements_holder number_of_columns=\u00bbtwo_columns\u00bb][qode_elements_holder_item item_padding=\u00bb20px 20px 20px 20px\u00bb vertical_alignment=\u00bbmiddle\u00bb advanced_animations=\u00bbno\u00bb][vc_column_text]<\/p>\n<h2 style=\"text-align: left;\">HABITACION TRIPLE<\/h2>\n<p>[\/vc_column_text][vc_empty_space height=\u00bb20px\u00bb][vc_column_text]Acogedora habitaci\u00f3n de unos 19 metros cuadrados con vistas a nuestro jard\u00edn privado o al patio de entrada, equipada con todas las comodidades, cama doble (160 x 190 cm) y cama individual (80 x 190 cm) o, bajo petici\u00f3n, tres camas separadas ( 80 x 190 cm) y cuarto de ba\u00f1o privado con ba\u00f1era \/ ducha, secador de pelo y kit de cortes\u00eda, armario, tel\u00e9fono, WiFi, caja fuerte, TV v\u00eda sat\u00e9lite, escritorio, hervidor con selecci\u00f3n de t\u00e9 y caf\u00e9, minibar, aire acondicionado y calefacci\u00f3n independientes. Posibilidad de solicitar una cuna gratis para beb\u00e9 hasta 2 a\u00f1os bajo petici\u00f3n a la recepci\u00f3n.[\/vc_column_text][\/qode_elements_holder_item][qode_elements_holder_item item_padding=\u00bb20px 20px 20px 20px\u00bb vertical_alignment=\u00bbmiddle\u00bb advanced_animations=\u00bbno\u00bb][vc_gallery interval=\u00bb0&#8243; images=\u00bb70,71&#8243; img_size=\u00bb600&#215;400&#8243; onclick=\u00bbimg_link_large\u00bb][\/qode_elements_holder_item][\/qode_elements_holder][\/vc_column][\/vc_row][vc_row css_animation=\u00bb\u00bb row_type=\u00bbrow\u00bb use_row_as_full_screen_section=\u00bbno\u00bb type=\u00bbgrid\u00bb angled_section=\u00bbno\u00bb text_align=\u00bbleft\u00bb background_image_as_pattern=\u00bbwithout_pattern\u00bb padding_top=\u00bb40&#8243; padding_bottom=\u00bb40&#8243; z_index=\u00bb\u00bb][vc_column][qode_elements_holder number_of_columns=\u00bbtwo_columns\u00bb][qode_elements_holder_item item_padding=\u00bb20px 20px 20px 20px\u00bb vertical_alignment=\u00bbmiddle\u00bb advanced_animations=\u00bbno\u00bb][vc_gallery interval=\u00bb0&#8243; images=\u00bb64,65,67,66&#8243; img_size=\u00bb400&#215;300&#8243;][\/qode_elements_holder_item][qode_elements_holder_item item_padding=\u00bb20px 20px 20px 20px\u00bb vertical_alignment=\u00bbmiddle\u00bb advanced_animations=\u00bbno\u00bb][vc_column_text]<\/p>\n<h2 style=\"text-align: right;\">QUADRUPLE ROOM<\/h2>\n<p>[\/vc_column_text][vc_empty_space height=\u00bb20px\u00bb][vc_column_text]<\/p>\n<p style=\"text-align: right;\">Cozy room of about 23 square meters overlooking our private garden with all amenities, double bed (160 X 190 cm) and 2 single beds (80 X 190 cm) or four separate beds (80 X 190 cm) on request, and private bathroom with tub \/ shower, hair dryer and toiletries, wardrobe, telephone, WIFI, safe, satellite TV, desk, kettle with a wide variety of teas and coffees, minibar, self-controlled air conditioning and heating, free cot for your child of up to 2 years upon request at the reception.<\/p>\n<p>[\/vc_column_text][\/qode_elements_holder_item][\/qode_elements_holder][\/vc_column][\/vc_row]<\/p>\n<\/div>","protected":false},"excerpt":{"rendered":"<p>[vc_row css_animation=\u00bb\u00bb row_type=\u00bbrow\u00bb use_row_as_full_screen_section=\u00bbno\u00bb type=\u00bbfull_width\u00bb angled_section=\u00bbno\u00bb text_align=\u00bbleft\u00bb background_image_as_pattern=\u00bbwithout_pattern\u00bb z_index=\u00bb\u00bb][vc_column][\/vc_column][\/vc_row][vc_row css_animation=\u00bb\u00bb row_type=\u00bbrow\u00bb use_row_as_full_screen_section=\u00bbno\u00bb type=\u00bbgrid\u00bb angled_section=\u00bbno\u00bb text_align=\u00bbleft\u00bb background_image_as_pattern=\u00bbwithout_pattern\u00bb padding_top=\u00bb50&#8243; padding_bottom=\u00bb50&#8243; z_index=\u00bb\u00bb][vc_column][vc_column_text] Habitaciones [\/vc_column_text][\/vc_column][\/vc_row][vc_row css_animation=\u00bb\u00bb row_type=\u00bbrow\u00bb use_row_as_full_screen_section=\u00bbno\u00bb type=\u00bbgrid\u00bb angled_section=\u00bbno\u00bb text_align=\u00bbleft\u00bb background_image_as_pattern=\u00bbwithout_pattern\u00bb padding_bottom=\u00bb40&#8243; z_index=\u00bb\u00bb][vc_column][qode_elements_holder number_of_columns=\u00bbtwo_columns\u00bb][qode_elements_holder_item item_padding=\u00bb20px 20px 20px 20px\u00bb vertical_alignment=\u00bbmiddle\u00bb advanced_animations=\u00bbno\u00bb][vc_column_text]El Hotel dispone de varios tipos de habitaciones, desde&#8230;<\/p>\n","protected":false},"author":1,"featured_media":0,"parent":0,"menu_order":0,"comment_status":"closed","ping_status":"closed","template":"full_width.php","meta":{"footnotes":""},"class_list":["post-229","page","type-page","status-publish","hentry"],"aioseo_notices":[],"_links":{"self":[{"href":"https:\/\/www.hotelpausania.it\/es\/wp-json\/wp\/v2\/pages\/229","targetHints":{"allow":["GET"]}}],"collection":[{"href":"https:\/\/www.hotelpausania.it\/es\/wp-json\/wp\/v2\/pages"}],"about":[{"href":"https:\/\/www.hotelpausania.it\/es\/wp-json\/wp\/v2\/types\/page"}],"author":[{"embeddable":true,"href":"https:\/\/www.hotelpausania.it\/es\/wp-json\/wp\/v2\/users\/1"}],"replies":[{"embeddable":true,"href":"https:\/\/www.hotelpausania.it\/es\/wp-json\/wp\/v2\/comments?post=229"}],"version-history":[{"count":2,"href":"https:\/\/www.hotelpausania.it\/es\/wp-json\/wp\/v2\/pages\/229\/revisions"}],"predecessor-version":[{"id":563,"href":"https:\/\/www.hotelpausania.it\/es\/wp-json\/wp\/v2\/pages\/229\/revisions\/563"}],"wp:attachment":[{"href":"https:\/\/www.hotelpausania.it\/es\/wp-json\/wp\/v2\/media?parent=229"}],"curies":[{"name":"wp","href":"https:\/\/api.w.org\/{rel}","templated":true}]}}